{"id":181,"date":"2023-04-11T17:55:33","date_gmt":"2023-04-11T15:55:33","guid":{"rendered":"https:\/\/ambabidjan.esteri.it\/chi-siamo\/la-sede\/"},"modified":"2026-01-03T13:24:57","modified_gmt":"2026-01-03T12:24:57","slug":"la-sede","status":"publish","type":"page","link":"https:\/\/ambabidjan.esteri.it\/fr\/chi-siamo\/la-sede\/","title":{"rendered":"Quartier g\u00e9n\u00e9ral"},"content":{"rendered":"<p>L\u2019Ambassade d\u2019Italie \u00e0 Abidjan est situ\u00e9e dans le prestigieux quartier r\u00e9sidentiel de Cocody, au nord de la capitale, le long de la rue historique de la Canebi\u00e8re. Selon la tradition locale, l\u2019origine du nom remonte \u00e0 l\u2019\u00e9poque coloniale : des colons fac\u00e9tieux auraient \u201cemprunt\u00e9\u201d la plaque de la c\u00e9l\u00e8bre avenue de Marseille, baptisant ainsi une simple piste sablonneuse qui longeait les premi\u00e8res usines de savon et d\u2019huiles de bain de la soci\u00e9t\u00e9 Blohorn.<\/p>\n<p>Aujourd\u2019hui, Cocody constitue l\u2019un des p\u00f4les culturels et institutionnels les plus importants de la ville. On y trouve l\u2019Universit\u00e9 F\u00e9lix Houphou\u00ebt-Boigny, plusieurs \u00e9tablissements scolaires priv\u00e9s, le si\u00e8ge de la Radiodiffusion T\u00e9l\u00e9vision Ivoirienne (RTI), la r\u00e9sidence pr\u00e9sidentielle ainsi que la majorit\u00e9 des ambassades accr\u00e9dit\u00e9es en C\u00f4te d\u2019Ivoire.<\/p>\n<p>La propri\u00e9t\u00e9 de l\u2019Ambassade comprend \u00e0 la fois la Chancellerie diplomatique et la R\u00e9sidence de l\u2019Ambassadeur. Cette derni\u00e8re, construite par l\u2019\u00c9tat fran\u00e7ais en 1933, fut acquise par une soci\u00e9t\u00e9 immobili\u00e8re locale en 1940, puis vendue \u00e0 l\u2019\u00c9tat italien le 23 mai 1962. Depuis cette date, le site a fait l\u2019objet de nombreux travaux d\u2019agrandissement et de r\u00e9novation, destin\u00e9s principalement \u00e0 adapter la Chancellerie \u00e0 l\u2019augmentation constante du nombre d\u2019usagers et aux exigences d\u2019une diplomatie moderne.<\/p>\n<p>Le jardin qui entoure la R\u00e9sidence, v\u00e9ritable espace de repr\u00e9sentation et de convivialit\u00e9, accueille chaque ann\u00e9e la c\u00e9l\u00e9bration de la F\u00eate de la R\u00e9publique, le 2 juin, r\u00e9unissant les autorit\u00e9s locales, la communaut\u00e9 italienne et les repr\u00e9sentants du corps diplomatique.<\/p>\n","protected":false},"excerpt":{"rendered":"L\u2019Ambassade d\u2019Italie \u00e0 Abidjan est situ\u00e9e dans le prestigieux quartier r\u00e9sidentiel de Cocody, au nord de la capitale, le long de la rue historique de la Canebi\u00e8re. Selon la tradition locale, l\u2019origine du nom remonte \u00e0 l\u2019\u00e9poque coloniale : des colons fac\u00e9tieux auraient \u201cemprunt\u00e9\u201d la plaque de la c\u00e9l\u00e8bre avenue de Marseille, baptisant ainsi une [&hellip;]","protected":false},"author":1,"featured_media":0,"parent":165,"menu_order":2,"comment_status":"closed","ping_status":"closed","template":"","meta":{"footnotes":""},"class_list":["post-181","page","type-page","status-publish","hentry"],"_links":{"self":[{"href":"https:\/\/ambabidjan.esteri.it\/fr\/wp-json\/wp\/v2\/pages\/181","targetHints":{"allow":["GET"]}}],"collection":[{"href":"https:\/\/ambabidjan.esteri.it\/fr\/wp-json\/wp\/v2\/pages"}],"about":[{"href":"https:\/\/ambabidjan.esteri.it\/fr\/wp-json\/wp\/v2\/types\/page"}],"author":[{"embeddable":true,"href":"https:\/\/ambabidjan.esteri.it\/fr\/wp-json\/wp\/v2\/users\/1"}],"replies":[{"embeddable":true,"href":"https:\/\/ambabidjan.esteri.it\/fr\/wp-json\/wp\/v2\/comments?post=181"}],"version-history":[{"count":4,"href":"https:\/\/ambabidjan.esteri.it\/fr\/wp-json\/wp\/v2\/pages\/181\/revisions"}],"predecessor-version":[{"id":2030,"href":"https:\/\/ambabidjan.esteri.it\/fr\/wp-json\/wp\/v2\/pages\/181\/revisions\/2030"}],"up":[{"embeddable":true,"href":"https:\/\/ambabidjan.esteri.it\/fr\/wp-json\/wp\/v2\/pages\/165"}],"wp:attachment":[{"href":"https:\/\/ambabidjan.esteri.it\/fr\/wp-json\/wp\/v2\/media?parent=181"}],"curies":[{"name":"wp","href":"https:\/\/api.w.org\/{rel}","templated":true}]}}